{"id":32,"date":"2018-01-17T14:10:17","date_gmt":"2018-01-17T13:10:17","guid":{"rendered":"http:\/\/sophialoth.de\/?page_id=32"},"modified":"2025-11-21T18:00:58","modified_gmt":"2025-11-21T17:00:58","slug":"vita","status":"publish","type":"page","link":"https:\/\/sophialoth.de\/de_DE\/vita\/","title":{"rendered":"Vita"},"content":{"rendered":"<table style=\"border-color: #ffffff; background-color: #ffffff;\" width=\"643\" cellspacing=\"0\" cellpadding=\"4\">\n<colgroup>\n<col width=\"124\"\/>\n<col width=\"503\"\/> <\/colgroup>\n<tbody>\n<tr valign=\"top\">\n<td style=\"border-color: #ffffff; background-color: #ffffff;\" width=\"124\"><span style=\"font-size: 10pt;\">1983<\/span><\/td>\n<td style=\"border-color: #ffffff; background-color: #ffffff;\" width=\"503\"><span style=\"font-size: 10pt;\">in Leipzig geboren<\/span><\/td>\n<\/tr>\n<tr valign=\"top\">\n<td style=\"border-color: #ffffff; background-color: #ffffff;\" width=\"124\"><span style=\"font-size: 10pt;\">2005-2010<\/span><\/td>\n<td style=\"border-color: #ffffff; background-color: #ffffff;\" width=\"503\"><span style=\"font-size: 10pt;\">Studium Freie Kunst bei Prof. Cornelius V\u00f6lker\/ Kunstakademie M\u00fcnster<\/span><\/td>\n<\/tr>\n<tr valign=\"top\">\n<td style=\"border-color: #ffffff; background-color: #ffffff;\" width=\"124\"><span style=\"font-size: 10pt;\">2010-2013<\/span><\/td>\n<td style=\"border-color: #ffffff; background-color: #ffffff;\" width=\"503\"><span style=\"font-size: 10pt;\">Studium in der Fachklasse f\u00fcr Malerei und Grafik bei Prof. Heribert C. <\/span><span style=\"font-size: 10pt;\">Ottersbach\/ Hochschule f\u00fcr Grafik und Buchkunst Leipzig<\/span><\/td>\n<\/tr>\n<tr valign=\"top\">\n<td style=\"border-color: #ffffff; background-color: #ffffff;\" width=\"124\"><span style=\"font-size: 10pt;\">2013<\/span><\/td>\n<td style=\"border-color: #ffffff; background-color: #ffffff;\" width=\"503\"><span style=\"font-size: 10pt;\">Diplom bei Prof. Heribert C. Ottersbach\/ HGB Leipzig<\/span><\/td>\n<\/tr>\n<tr valign=\"top\">\n<td style=\"border-color: #ffffff; background-color: #ffffff;\" width=\"124\"><span style=\"font-size: 10pt;\">2013-2015<\/span><\/td>\n<td style=\"border-color: #ffffff; background-color: #ffffff;\" width=\"503\"><span style=\"font-size: 10pt;\">Meistersch\u00fclerin bei Prof. Heribert C. Ottersbach\/ HGB Leipzig<\/span><\/td>\n<\/tr>\n<tr valign=\"top\">\n<td style=\"border-color: #ffffff; background-color: #ffffff;\" width=\"124\"><span style=\"font-size: 10pt;\">Seit 2015<\/span><\/td>\n<td style=\"border-color: #ffffff; background-color: #ffffff;\" width=\"503\"><span style=\"font-size: 10pt;\">Dozentin an der Kunstakademie Bad Reichenhall<\/span><\/td>\n<\/tr>\n<tr valign=\"top\">\n<td style=\"border-color: #ffffff; background-color: #ffffff;\" width=\"124\"><span style=\"font-size: 10pt;\">2017<\/span><\/td>\n<td style=\"border-color: #ffffff; background-color: #ffffff;\" width=\"503\"><span style=\"font-size: 10pt;\">Leitung Meisterklasse Malerei, Sommerakademie Irsee<\/span><\/td>\n<\/tr>\n<\/tbody>\n<\/table>\n<p><span style=\"font-size: 18pt;\">Einzelausstellungen<\/span><span style=\"font-size: 10pt;\">&nbsp;&nbsp;&nbsp;&nbsp;&nbsp;&nbsp;&nbsp;&nbsp;&nbsp;&nbsp;&nbsp;&nbsp;&nbsp;&nbsp;&nbsp;&nbsp;&nbsp;&nbsp;&nbsp; <\/span><\/p>\n<table style=\"border-color: #ffffff; background-color: #ffffff; height: 203px; width: 100%;\" width=\"643\" cellspacing=\"0\" cellpadding=\"4\">\n<colgroup>\n<col width=\"124\"\/>\n<col width=\"503\"\/> <\/colgroup>\n<tbody>\n<tr style=\"height: 105px;\" valign=\"top\">\n<td style=\"border-color: #ffffff; background-color: #ffffff; height: 67px; width: 19.761904761904763%;\"><span style=\"font-size: 10pt;\">2023<\/span><p><\/p>\n<p><span style=\"font-size: 10pt;\">2019<\/span><\/p>\n<\/td>\n<td style=\"border-color: #ffffff; background-color: #ffffff; height: 67px; width: 80%;\"><span style=\"font-size: 10pt;\">'Part IV', Hotel Seeblick, Leipzig<\/span><p><\/p>\n<p><span style=\"font-size: 10pt;\">'Misreading Beethoven\/ Moonlight', Projektion, Stockholm (SE)<\/span><\/p>\n<p><span style=\"font-size: 10pt;\">Sophia Loth, FF15, Leipzig<\/span><\/p>\n<p><span style=\"font-size: 10pt;\">Six Weeks mit Agnes Lammert, Six Weeks, Leipzig<\/span><\/p>\n<\/td>\n<\/tr>\n<tr style=\"height: 105px;\" valign=\"top\">\n<td style=\"border-color: #ffffff; background-color: #ffffff; height: 10px; width: 19.761904761904763%;\"><span style=\"font-size: 10pt;\">2016&nbsp;<\/span><\/td>\n<td style=\"border-color: #ffffff; background-color: #ffffff; height: 10px; width: 80%;\"><span style=\"font-size: 10pt;\">\u201aLandnahme\u2018, Forum Kunst Rottweil, Rottweil<\/span><span style=\"font-size: 10pt;\">\u201a\u00dcber Tage\u2018, St\u00e4dtische Galerie, Bad Reichenhall<\/span><\/td>\n<\/tr>\n<tr style=\"height: 28px;\" valign=\"top\">\n<td style=\"border-color: #ffffff; background-color: #ffffff; height: 28px; width: 19.761904761904763%;\"><span style=\"font-size: 10pt;\">2015<\/span><\/td>\n<td style=\"border-color: #ffffff; background-color: #ffffff; height: 28px; width: 80%;\"><span style=\"font-size: 10pt;\">\u201aSoundscapes II\u2018, Meistersch\u00fclerausstellung, IFZ \u2013 Institut f\u00fcr Zukunft, Leipzig<br \/><\/span><\/td>\n<\/tr>\n<tr style=\"height: 57px;\" valign=\"top\">\n<td style=\"border-color: #ffffff; background-color: #ffffff; height: 42px; width: 19.761904761904763%;\"><span style=\"font-size: 10pt;\">2014<\/span><\/td>\n<td style=\"border-color: #ffffff; background-color: #ffffff; height: 42px; width: 80%;\"><span style=\"font-size: 10pt;\">\u201aSoundscapes\u2018, in Kooperation mit Eric Busch, B\u00dcK\u00dc - B\u00fcro f\u00fcr kulturelle \u00dcbersetzung, Leipzig<\/span><\/td>\n<\/tr>\n<tr style=\"height: 28px;\" valign=\"top\">\n<td style=\"border-color: #ffffff; background-color: #ffffff; height: 28px; width: 19.761904761904763%;\"><span style=\"font-size: 10pt;\">2013<\/span><\/td>\n<td style=\"border-color: #ffffff; background-color: #ffffff; height: 28px; width: 80%;\"><span style=\"font-size: 10pt;\">Sophia Loth - o. T.\u2018, Kunstverein Recklinghausen, Recklinghausen<\/span><\/td>\n<\/tr>\n<tr style=\"height: 28px;\" valign=\"top\">\n<td style=\"border-color: #ffffff; background-color: #ffffff; height: 28px; width: 19.761904761904763%;\">&nbsp;<\/td>\n<td style=\"border-color: #ffffff; background-color: #ffffff; height: 28px; width: 80%;\"><span style=\"font-size: 10pt;\">Sophia Loth - o. T.\u2018, Diplomausstellung, Galerie Tobias Naehring, Leipzig<\/span><\/td>\n<\/tr>\n<\/tbody>\n<\/table>\n<p class=\"western\"><span style=\"font-size: 18pt;\">Gruppenausstellungen (Auswahl)<\/span><\/p>\n<table style=\"border-color: #ffffff; background-color: #ffffff; height: 409px; width: 100%;\" width=\"643\" cellspacing=\"0\" cellpadding=\"4\">\n<colgroup>\n<col width=\"124\"\/>\n<col width=\"503\"\/> <\/colgroup>\n<tbody>\n<tr style=\"height: 57px;\" valign=\"top\">\n<td style=\"border-color: #ffffff; background-color: #ffffff; height: 10px; width: 19.761904761904763%;\">\n<p><span style=\"font-size: 10pt;\">2023<\/span><\/p>\n<p><span style=\"font-size: 10pt;\">2022<\/span><\/p>\n<p><span style=\"font-size: 10pt;\">2020<\/span><\/p>\n<p><\/p>\n<p><span style=\"font-size: 10pt;\">2018<\/span><\/p>\n<\/td>\n<td style=\"border-color: #ffffff; background-color: #ffffff; height: 10px; width: 80%;\">\n<p><span style=\"font-size: 10pt;\">\u201aDraw me like one of your dancers', Tanz zu Bildern, Werk 2, Leipzig<\/span><\/p>\n<p><span style=\"font-size: 10pt;\">\u201aParade', Beck &amp; Eggeling, D\u00fcsseldorf<\/span><\/p>\n<p><span style=\"font-size: 10pt;\">Kunst im Setzkasten, Forum Kunst Rottweil , Rottweil<strong><br \/><\/strong><\/span><span style=\"font-size: 10pt;\">R\u00fcckblick auf 50 Jahre Ausstellungsgeschichte, Forum Kunst Rottweil , Rottweil<\/span><\/p>\n<p><span style=\"font-size: 10pt;\">\u201aNach dem Bild ist vor dem Bild. Malerinnen aus Leipzig\u2018, Kunstverein Freunde Aktueller Kunst e.V. Zwickau, Zwickau<\/span><\/p>\n<\/td>\n<\/tr>\n<tr style=\"height: 28px;\" valign=\"top\">\n<td style=\"border-color: #ffffff; background-color: #ffffff; height: 28px; width: 19.761904761904763%;\"><span style=\"font-size: 10pt;\">2017<\/span><\/td>\n<td style=\"border-color: #ffffff; background-color: #ffffff; height: 28px; width: 80%;\"><span style=\"font-size: 10pt;\">\u201aNebukadnezar\u2018, Forum Kunst Rottweil, Rottweil<\/span><\/td>\n<\/tr>\n<tr style=\"height: 57px;\" valign=\"top\">\n<td style=\"border-color: #ffffff; background-color: #ffffff; height: 49px; width: 19.761904761904763%;\"><span style=\"font-size: 10pt;\">2016<\/span><\/td>\n<td style=\"border-color: #ffffff; background-color: #ffffff; height: 49px; width: 80%;\"><span style=\"font-size: 10pt;\">\u201aKlassentreffen - Klasse Prof. Heribert C. Ottersbach\u2018, Erholungshaus Bayer Kultur, Leverkusen<\/span><\/td>\n<\/tr>\n<tr style=\"height: 10px;\" valign=\"top\">\n<td style=\"border-color: #ffffff; background-color: #ffffff; height: 10px; width: 19.761904761904763%;\"><span style=\"font-size: 10pt;\">2015<\/span><\/td>\n<td style=\"border-color: #ffffff; background-color: #ffffff; height: 10px; width: 80%;\"><span style=\"font-size: 10pt;\">\u201aEin Baum ist ein Baum ist ein Baum\u2026 - Der Baum in der Kunst des 20. und 21. Jahrhunderts\u2018, Beck &amp; Eggeling, D\u00fcsseldorf<\/span><\/td>\n<\/tr>\n<tr style=\"height: 28px;\" valign=\"top\">\n<td style=\"border-color: #ffffff; background-color: #ffffff; height: 28px; width: 19.761904761904763%;\"><span style=\"font-size: 10pt;\">&nbsp;<\/span><\/td>\n<td style=\"border-color: #ffffff; background-color: #ffffff; height: 28px; width: 80%;\"><span style=\"font-size: 10pt;\">\u201a<span lang=\"en-US\">Transmission \u2013 Young Leipzig artists in Moscow\u2019, Triumph Gallery, Moskau<\/span><\/span><\/td>\n<\/tr>\n<tr style=\"height: 57px;\" valign=\"top\">\n<td style=\"border-color: #ffffff; background-color: #ffffff; height: 57px; width: 19.761904761904763%;\"><span style=\"font-size: 10pt;\">&nbsp;2014<\/span><\/td>\n<td style=\"border-color: #ffffff; background-color: #ffffff; height: 57px; width: 80%;\"><span style=\"font-size: 10pt;\">\u201aH\u00e4ngengeblieben \u2013 25 Jahre Kunstverein Recklinghausen\u2018, Kunsthalle Recklinghausen, Recklinghausen<\/span><\/td>\n<\/tr>\n<tr style=\"height: 28px;\" valign=\"top\">\n<td style=\"border-color: #ffffff; background-color: #ffffff; height: 28px; width: 19.761904761904763%;\"><span style=\"font-size: 10pt;\">&nbsp;<\/span><\/td>\n<td style=\"border-color: #ffffff; background-color: #ffffff; height: 28px; width: 80%;\"><span style=\"font-size: 10pt;\">\u201aKlasse Ottersbach \u2013 Die Pferde sind tot!\u2018, Forum Kunst Rottweil, Rottweil<\/span><\/td>\n<\/tr>\n<tr style=\"height: 57px;\" valign=\"top\">\n<td style=\"border-color: #ffffff; background-color: #ffffff; height: 57px; width: 19.761904761904763%;\"><span style=\"font-size: 10pt;\">2013<\/span><\/td>\n<td style=\"border-color: #ffffff; background-color: #ffffff; height: 57px; width: 80%;\"><span style=\"font-size: 10pt;\">\u201aKunstpreis Junger Westen 2013 \u2013 Malerei\u2018, Kunsthalle Recklinghausen, Recklinghausen<\/span><\/td>\n<\/tr>\n<tr style=\"height: 28px;\" valign=\"top\">\n<td style=\"border-color: #ffffff; background-color: #ffffff; height: 28px; width: 19.761904761904763%;\"><span style=\"font-size: 10pt;\">&nbsp;<\/span><\/td>\n<td style=\"border-color: #ffffff; background-color: #ffffff; height: 28px; width: 80%;\"><span style=\"font-size: 10pt;\">\u201aLeipzig am Rhein - Klasse Ottersbach\u2018, Wilhelm-Hack-Museum, Ludwigshafen<\/span><\/td>\n<\/tr>\n<tr style=\"height: 57px;\" valign=\"top\">\n<td style=\"border-color: #ffffff; background-color: #ffffff; height: 57px; width: 19.761904761904763%;\"><span style=\"font-size: 10pt;\">2012<\/span><\/td>\n<td style=\"border-color: #ffffff; background-color: #ffffff; height: 57px; width: 80%;\"><span style=\"font-size: 10pt;\">\u201aStudienpreis 2012 des Freundeskreises der HGB und der Sparkasse Leipzig\u2018, Hochschule f\u00fcr Grafik und Buchkunst, Leipzig<\/span><\/td>\n<\/tr>\n<tr style=\"height: 57px;\" valign=\"top\">\n<td style=\"border-color: #ffffff; background-color: #ffffff; height: 57px; width: 19.761904761904763%;\"><span style=\"font-size: 10pt;\">2011<\/span><\/td>\n<td style=\"border-color: #ffffff; background-color: #ffffff; height: 57px; width: 80%;\"><span style=\"font-size: 10pt;\">\u201aMehr als ein Schuss\u2018, Klasse Ottersbach, Beck &amp; Eggeling - New Quarters, D\u00fcsseldorf<\/span><\/td>\n<\/tr>\n<\/tbody>\n<\/table>\n\n","protected":false},"excerpt":{"rendered":"<table style=\"border-color: #ffffff; background-color: #ffffff;\" width=\"643\" cellspacing=\"0\" cellpadding=\"4\">\n<colgroup>\n<col width=\"124\">\n<col width=\"503\"> <\/colgroup>\n<tbody>\n<tr valign=\"top\">\n<td style=\"border-color: #ffffff; background-color: #ff... \n\n","protected":false},"author":1,"featured_media":0,"parent":0,"menu_order":0,"comment_status":"closed","ping_status":"closed","template":"","meta":[],"_links":{"self":[{"href":"https:\/\/sophialoth.de\/de_DE\/wp-json\/wp\/v2\/pages\/32"}],"collection":[{"href":"https:\/\/sophialoth.de\/de_DE\/wp-json\/wp\/v2\/pages"}],"about":[{"href":"https:\/\/sophialoth.de\/de_DE\/wp-json\/wp\/v2\/types\/page"}],"author":[{"embeddable":true,"href":"https:\/\/sophialoth.de\/de_DE\/wp-json\/wp\/v2\/users\/1"}],"replies":[{"embeddable":true,"href":"https:\/\/sophialoth.de\/de_DE\/wp-json\/wp\/v2\/comments?post=32"}],"version-history":[{"count":48,"href":"https:\/\/sophialoth.de\/de_DE\/wp-json\/wp\/v2\/pages\/32\/revisions"}],"predecessor-version":[{"id":3479,"href":"https:\/\/sophialoth.de\/de_DE\/wp-json\/wp\/v2\/pages\/32\/revisions\/3479"}],"wp:attachment":[{"href":"https:\/\/sophialoth.de\/de_DE\/wp-json\/wp\/v2\/media?parent=32"}],"curies":[{"name":"wp","href":"https:\/\/api.w.org\/{rel}","templated":true}]}}